{"id":573,"date":"2022-07-11T12:56:14","date_gmt":"2022-07-11T10:56:14","guid":{"rendered":"http:\/\/rudkobingskudehavn.dk.linux4.curanetserver.dk\/?page_id=573"},"modified":"2026-04-07T16:44:43","modified_gmt":"2026-04-07T14:44:43","slug":"moeder-og-konferencer","status":"publish","type":"page","link":"https:\/\/www.rudkobingskudehavn.dk\/en\/moeder-og-konferencer\/","title":{"rendered":"M\u00f8der og konferencer"},"content":{"rendered":"<div data-elementor-type=\"wp-page\" data-elementor-id=\"573\" class=\"elementor elementor-573\" data-elementor-post-type=\"page\">\n\t\t\t\t\t\t<section class=\"elementor-section elementor-top-section elementor-element elementor-element-b948452 elementor-section-height-min-height elementor-section-boxed elementor-section-height-default elementor-section-items-middle\" data-id=\"b948452\" data-element_type=\"section\" data-settings=\"{&quot;background_background&quot;:&quot;classic&quot;}\">\n\t\t\t\t\t\t\t<div class=\"elementor-background-overlay\"><\/div>\n\t\t\t\t\t\t\t<div class=\"elementor-container elementor-column-gap-default\">\n\t\t\t\t\t<div class=\"elementor-column elementor-col-100 elementor-top-column elementor-element elementor-element-fc5e45f\" data-id=\"fc5e45f\" data-element_type=\"column\">\n\t\t\t<div class=\"elementor-widget-wrap elementor-element-populated\">\n\t\t\t\t\t\t<div class=\"elementor-element elementor-element-3d3e82f elementor-widget elementor-widget-heading\" data-id=\"3d3e82f\" data-element_type=\"widget\" data-widget_type=\"heading.default\">\n\t\t\t\t<div class=\"elementor-widget-container\">\n\t\t\t<h1 class=\"elementor-heading-title elementor-size-default\">M\u00f8der og konferencer<\/h1>\t\t<\/div>\n\t\t\t\t<\/div>\n\t\t\t\t<div class=\"elementor-element elementor-element-2543f3c elementor-view-default elementor-widget elementor-widget-icon\" data-id=\"2543f3c\" data-element_type=\"widget\" data-widget_type=\"icon.default\">\n\t\t\t\t<div class=\"elementor-widget-container\">\n\t\t\t\t\t<div class=\"elementor-icon-wrapper\">\n\t\t\t<div class=\"elementor-icon\">\n\t\t\t<svg xmlns=\"http:\/\/www.w3.org\/2000\/svg\" id=\"uuid-515a817a-16af-433f-baac-8fdf14e1e637\" viewbox=\"0 0 105.81 19.23\"><path d=\"M.47,9.61s7.42,20.37,16.68,0,18.28,0,18.28,0c0,0,7.29,20.51,16.75,0s18.22,.03,18.22,.03c0,0,7.64,20.33,16.74,0s18.21-.03,18.21-.03\" style=\"fill:none; stroke:#fff; stroke-miterlimit:10;\"><\/path><\/svg>\t\t\t<\/div>\n\t\t<\/div>\n\t\t\t\t<\/div>\n\t\t\t\t<\/div>\n\t\t\t\t\t<\/div>\n\t\t<\/div>\n\t\t\t\t\t<\/div>\n\t\t<\/section>\n\t\t\t\t<section class=\"elementor-section elementor-top-section elementor-element elementor-element-28c1744 elementor-section-boxed elementor-section-height-default elementor-section-height-default\" data-id=\"28c1744\" data-element_type=\"section\">\n\t\t\t\t\t\t<div class=\"elementor-container elementor-column-gap-default\">\n\t\t\t\t\t<div class=\"elementor-column elementor-col-100 elementor-top-column elementor-element elementor-element-4a88cc9\" data-id=\"4a88cc9\" data-element_type=\"column\">\n\t\t\t<div class=\"elementor-widget-wrap elementor-element-populated\">\n\t\t\t\t\t\t<div class=\"elementor-element elementor-element-ad4dd39 elementor-widget elementor-widget-heading\" data-id=\"ad4dd39\" data-element_type=\"widget\" data-widget_type=\"heading.default\">\n\t\t\t\t<div class=\"elementor-widget-container\">\n\t\t\t<h2 class=\"elementor-heading-title elementor-size-default\">Book jeres n\u00e6ste konference hos<br>Hotel Rudk\u00f8bing skudehavn<\/h2>\t\t<\/div>\n\t\t\t\t<\/div>\n\t\t\t\t<div class=\"elementor-element elementor-element-814fb0c elementor-view-default elementor-widget elementor-widget-icon\" data-id=\"814fb0c\" data-element_type=\"widget\" data-widget_type=\"icon.default\">\n\t\t\t\t<div class=\"elementor-widget-container\">\n\t\t\t\t\t<div class=\"elementor-icon-wrapper\">\n\t\t\t<div class=\"elementor-icon\">\n\t\t\t<svg xmlns=\"http:\/\/www.w3.org\/2000\/svg\" id=\"uuid-4fcf8365-5e3b-4aa6-92bd-746523d3d47f\" viewbox=\"0 0 105.81 19.23\"><path d=\"M.47,9.61s7.42,20.37,16.68,0,18.28,0,18.28,0c0,0,7.29,20.51,16.75,0s18.22,.03,18.22,.03c0,0,7.64,20.33,16.74,0s18.21-.03,18.21-.03\" style=\"fill:none; stroke:#000; stroke-miterlimit:10;\"><\/path><\/svg>\t\t\t<\/div>\n\t\t<\/div>\n\t\t\t\t<\/div>\n\t\t\t\t<\/div>\n\t\t\t\t<div class=\"elementor-element elementor-element-e9da998 elementor-widget elementor-widget-text-editor\" data-id=\"e9da998\" data-element_type=\"widget\" data-widget_type=\"text-editor.default\">\n\t\t\t\t<div class=\"elementor-widget-container\">\n\t\t\t\t\t\t\t<p>Velkommen til vores konference og m\u00f8de facaliteter p\u00e5 Hotel Rudk\u00f8bing Skudehavn<\/p><p>Vi kan tilbyde lyse og venlige lokaler med AV-udstyr og fantastisk beliggenhed med udsigt over Rudk\u00f8bing havn. Vi tilbyder lokaler i forskellige st\u00f8rrelser og kan rumme op til 150 kursister.<\/p><p><strong>Kontakt Jane p\u00e5 tlf.: <a href=\"tel: 4562514600\">62514600<\/a><\/strong><\/p>\t\t\t\t\t\t<\/div>\n\t\t\t\t<\/div>\n\t\t\t\t<div class=\"elementor-element elementor-element-6e4ddaf elementor-widget elementor-widget-text-editor\" data-id=\"6e4ddaf\" data-element_type=\"widget\" data-widget_type=\"text-editor.default\">\n\t\t\t\t<div class=\"elementor-widget-container\">\n\t\t\t\t\t\t\t<p><a href=\"#faciliteter\">Read more <\/a>om vores udstyr og faciliteter<\/p>\t\t\t\t\t\t<\/div>\n\t\t\t\t<\/div>\n\t\t\t\t\t<\/div>\n\t\t<\/div>\n\t\t\t\t\t<\/div>\n\t\t<\/section>\n\t\t\t\t<section class=\"elementor-section elementor-top-section elementor-element elementor-element-de0ca57 elementor-section-boxed elementor-section-height-default elementor-section-height-default\" data-id=\"de0ca57\" data-element_type=\"section\">\n\t\t\t\t\t\t<div class=\"elementor-container elementor-column-gap-default\">\n\t\t\t\t\t<div class=\"elementor-column elementor-col-100 elementor-top-column elementor-element elementor-element-ebb1ec7\" data-id=\"ebb1ec7\" data-element_type=\"column\" data-settings=\"{&quot;background_background&quot;:&quot;classic&quot;}\">\n\t\t\t<div class=\"elementor-widget-wrap elementor-element-populated\">\n\t\t\t\t\t\t<div class=\"elementor-element elementor-element-1fd5f28 elementor-widget elementor-widget-heading\" data-id=\"1fd5f28\" data-element_type=\"widget\" data-widget_type=\"heading.default\">\n\t\t\t\t<div class=\"elementor-widget-container\">\n\t\t\t<h2 class=\"elementor-heading-title elementor-size-default\">Typer af konferencer<\/h2>\t\t<\/div>\n\t\t\t\t<\/div>\n\t\t\t\t<div class=\"elementor-element elementor-element-da98502 elementor-widget elementor-widget-text-editor\" data-id=\"da98502\" data-element_type=\"widget\" data-widget_type=\"text-editor.default\">\n\t\t\t\t<div class=\"elementor-widget-container\">\n\t\t\t\t\t\t\t<p>Se udvalget af konferencer herunder<\/p>\t\t\t\t\t\t<\/div>\n\t\t\t\t<\/div>\n\t\t\t\t<section class=\"elementor-section elementor-inner-section elementor-element elementor-element-b68e569 elementor-section-boxed elementor-section-height-default elementor-section-height-default\" data-id=\"b68e569\" data-element_type=\"section\">\n\t\t\t\t\t\t<div class=\"elementor-container elementor-column-gap-default\">\n\t\t\t\t\t<div class=\"elementor-column elementor-col-100 elementor-inner-column elementor-element elementor-element-490562f\" data-id=\"490562f\" data-element_type=\"column\">\n\t\t\t<div class=\"elementor-widget-wrap elementor-element-populated\">\n\t\t\t\t\t\t<div class=\"elementor-element elementor-element-6436174 elementor-widget__width-initial elementor-tabs-view-horizontal elementor-widget elementor-widget-tabs\" data-id=\"6436174\" data-element_type=\"widget\" data-widget_type=\"tabs.default\">\n\t\t\t\t<div class=\"elementor-widget-container\">\n\t\t\t\t\t<div class=\"elementor-tabs\">\n\t\t\t<div class=\"elementor-tabs-wrapper\" role=\"tablist\" >\n\t\t\t\t\t\t\t\t\t<div id=\"elementor-tab-title-1051\" class=\"elementor-tab-title elementor-tab-desktop-title\" aria-selected=\"true\" data-tab=\"1\" role=\"tab\" tabindex=\"0\" aria-controls=\"elementor-tab-content-1051\" aria-expanded=\"false\">Heldags<\/div>\n\t\t\t\t\t\t\t\t\t<div id=\"elementor-tab-title-1052\" class=\"elementor-tab-title elementor-tab-desktop-title\" aria-selected=\"false\" data-tab=\"2\" role=\"tab\" tabindex=\"-1\" aria-controls=\"elementor-tab-content-1052\" aria-expanded=\"false\">Aftenm\u00f8de<\/div>\n\t\t\t\t\t\t\t\t\t<div id=\"elementor-tab-title-1053\" class=\"elementor-tab-title elementor-tab-desktop-title\" aria-selected=\"false\" data-tab=\"3\" role=\"tab\" tabindex=\"-1\" aria-controls=\"elementor-tab-content-1053\" aria-expanded=\"false\">Dagsm\u00f8de<\/div>\n\t\t\t\t\t\t\t\t\t<div id=\"elementor-tab-title-1054\" class=\"elementor-tab-title elementor-tab-desktop-title\" aria-selected=\"false\" data-tab=\"4\" role=\"tab\" tabindex=\"-1\" aria-controls=\"elementor-tab-content-1054\" aria-expanded=\"false\">Kursus d\u00f8gn<\/div>\n\t\t\t\t\t\t\t\t\t<div id=\"elementor-tab-title-1055\" class=\"elementor-tab-title elementor-tab-desktop-title\" aria-selected=\"false\" data-tab=\"5\" role=\"tab\" tabindex=\"-1\" aria-controls=\"elementor-tab-content-1055\" aria-expanded=\"false\">1 1\/2 Kursus d\u00f8gn<\/div>\n\t\t\t\t\t\t\t\t\t<div id=\"elementor-tab-title-1056\" class=\"elementor-tab-title elementor-tab-desktop-title\" aria-selected=\"false\" data-tab=\"6\" role=\"tab\" tabindex=\"-1\" aria-controls=\"elementor-tab-content-1056\" aria-expanded=\"false\">Kursus i luksus poolhus 1 d\u00f8gn<\/div>\n\t\t\t\t\t\t\t\t\t<div id=\"elementor-tab-title-1057\" class=\"elementor-tab-title elementor-tab-desktop-title\" aria-selected=\"false\" data-tab=\"7\" role=\"tab\" tabindex=\"-1\" aria-controls=\"elementor-tab-content-1057\" aria-expanded=\"false\">Kursus i luksus poolhus 1 1\/2 d\u00f8gn<\/div>\n\t\t\t\t\t\t\t<\/div>\n\t\t\t<div class=\"elementor-tabs-content-wrapper\" role=\"tablist\" aria-orientation=\"vertical\">\n\t\t\t\t\t\t\t\t\t<div class=\"elementor-tab-title elementor-tab-mobile-title\" aria-selected=\"true\" data-tab=\"1\" role=\"tab\" tabindex=\"0\" aria-controls=\"elementor-tab-content-1051\" aria-expanded=\"false\">Heldags<\/div>\n\t\t\t\t\t<div id=\"elementor-tab-content-1051\" class=\"elementor-tab-content elementor-clearfix\" data-tab=\"1\" role=\"tabpanel\" aria-labelledby=\"elementor-tab-title-1051\" tabindex=\"0\" hidden=\"false\"><p style=\"text-align: center;\"><span class=\"sp-text\">\u00a0<\/span><\/p><p style=\"text-align: center;\"><span class=\"sp-text\">Kl. 9-21<\/span><\/p><p style=\"text-align: center;\"><span class=\"sp-text\">Morgen\/formiddagsbuffet:<\/span><\/p><p style=\"text-align: center;\">Kaffe\/the med rundstykker, p\u00e5l\u00e6g, ost, marmelade og frugt.<\/p><p style=\"text-align: center;\"><span class=\"sp-text\">Frokost:<\/span><\/p><p style=\"text-align: center;\"><span class=\"sp-text\">Eftermiddagsbuffet:<\/span><\/p><p style=\"text-align: center;\">Kaffe\/the, kage og frugt.<\/p><p style=\"text-align: center;\"><span class=\"sp-text\">Middag:<\/span><\/p><p style=\"text-align: center;\">2 retter.<\/p><p style=\"text-align: center;\">Aftenskaffe med s\u00f8dt.<\/p><p style=\"text-align: center;\"><span class=\"sp-text\">Pris:<\/span><\/p><p style=\"text-align: center;\"><strong>Kr. 795,00 pr. person.<\/strong><\/p><p style=\"text-align: center;\"><em>Prisen er inkl. brug af AV-udstyr, internet og lokaleleje.<\/em><\/p><p style=\"text-align: center;\"><em> Drikkevarer afregnes efter forbrug.<\/em><\/p><\/div>\n\t\t\t\t\t\t\t\t\t<div class=\"elementor-tab-title elementor-tab-mobile-title\" aria-selected=\"false\" data-tab=\"2\" role=\"tab\" tabindex=\"-1\" aria-controls=\"elementor-tab-content-1052\" aria-expanded=\"false\">Aftenm\u00f8de<\/div>\n\t\t\t\t\t<div id=\"elementor-tab-content-1052\" class=\"elementor-tab-content elementor-clearfix\" data-tab=\"2\" role=\"tabpanel\" aria-labelledby=\"elementor-tab-title-1052\" tabindex=\"0\" hidden=\"hidden\"><p style=\"text-align: center;\"><span class=\"sp-text\">Ved ankomst:<\/span><\/p>\n<p style=\"text-align: center;\">Kaffe\/the, sandwich og frugt.<\/p>\n<p style=\"text-align: center;\"><span class=\"sp-text\">Middag:<\/span><\/p>\n<p style=\"text-align: center;\">2 retter.<\/p>\n<p style=\"text-align: center;\">Aftenkaffe med s\u00f8dt.<\/p>\n<p style=\"text-align: center;\"><span class=\"sp-text\">Pris:<\/span><\/p>\n<p style=\"text-align: center;\"><strong>Kr. 575,00 pr. person.<\/strong><\/p>\n<p style=\"text-align: center;\"><em>Prisen er inkl. brug af AV-udstyr, internet og lokaleleje.<\/em><\/p>\n<p style=\"text-align: center;\"><em>Drikkevarer afregnes efter forbrug.<\/em><\/p>\n<p style=\"text-align: center;\"><em>6 timers arrangemnet til senest kl. 22.00. <\/em><\/p>\n<p style=\"text-align: center;\">\n<\/p><\/div>\n\t\t\t\t\t\t\t\t\t<div class=\"elementor-tab-title elementor-tab-mobile-title\" aria-selected=\"false\" data-tab=\"3\" role=\"tab\" tabindex=\"-1\" aria-controls=\"elementor-tab-content-1053\" aria-expanded=\"false\">Dagsm\u00f8de<\/div>\n\t\t\t\t\t<div id=\"elementor-tab-content-1053\" class=\"elementor-tab-content elementor-clearfix\" data-tab=\"3\" role=\"tabpanel\" aria-labelledby=\"elementor-tab-title-1053\" tabindex=\"0\" hidden=\"hidden\"><p style=\"text-align: center;\"><span class=\"sp-text\">Morgen\/formiddagsbuffet:<\/span><\/p>\n<p style=\"text-align: center;\">Kaffe\/the med rundstykker, p\u00e5l\u00e6g, ost, marmelade og frugt.<\/p>\n<p style=\"text-align: center;\"><span class=\"sp-text\">Frokost:<\/span><\/p>\n<p style=\"text-align: center;\"><span class=\"sp-text\">Eftermiddagsbuffet:<\/span><\/p>\n<p style=\"text-align: center;\">&nbsp;Kaffe\/the, kage og frugt.<\/p>\n<p style=\"text-align: center;\"><span class=\"sp-text\">Pris:<\/span><\/p>\n<p style=\"text-align: center;\"><strong>Kr. 565,00 pr. person.<\/strong><\/p>\n<p style=\"text-align: center;\"><em>Prisen er inkl. brug af AV-udstyr, internet og lokaleleje. <\/em><\/p>\n<p style=\"text-align: center;\"><em>Drikkevarer afregnes efter forbrug.<\/em><br><em>8 timers arrangemnet med slut senest kl. 17.00.<\/em><\/p><\/div>\n\t\t\t\t\t\t\t\t\t<div class=\"elementor-tab-title elementor-tab-mobile-title\" aria-selected=\"false\" data-tab=\"4\" role=\"tab\" tabindex=\"-1\" aria-controls=\"elementor-tab-content-1054\" aria-expanded=\"false\">Kursus d\u00f8gn<\/div>\n\t\t\t\t\t<div id=\"elementor-tab-content-1054\" class=\"elementor-tab-content elementor-clearfix\" data-tab=\"4\" role=\"tabpanel\" aria-labelledby=\"elementor-tab-title-1054\" tabindex=\"0\" hidden=\"hidden\"><p style=\"text-align: center;\"><span class=\"sp-text\">Morgen\/formiddagsbuffet:<\/span><\/p>\n<p style=\"text-align: center;\">Kaffe\/the med rundstykker, p\u00e5l\u00e6g, ost, marmelade og frugt.<\/p>\n<p style=\"text-align: center;\"><span class=\"sp-text\">Frokost:<\/span><\/p>\n<p style=\"text-align: center;\"><span class=\"sp-text\">Eftermiddagsbuffet:<\/span><\/p>\n<p style=\"text-align: center;\">Kaffe\/the, kage og frugt.<\/p>\n<p style=\"text-align: center;\"><span class=\"sp-text\">Middag:<\/span><\/p>\n<p style=\"text-align: center;\">2 retter.<\/p>\n<p style=\"text-align: center;\">Aftenkaffe med s\u00f8dt.<\/p>\n<p style=\"text-align: center;\">Overnatning.<\/p>\n<p style=\"text-align: center;\">Morgenbuffet.<\/p>\n<p style=\"text-align: center;\"><span class=\"sp-text\">Pris:<\/span><\/p>\n<p style=\"text-align: center;\"><strong>Kr. 1470,00 pr. person i enkeltv\u00e6relse.<\/strong>&nbsp;<\/p>\n<p style=\"text-align: center;\"><em>Prisen er inkl. brug af AV-udstyr, internet og lokaleleje. <\/em><\/p>\n<p style=\"text-align: center;\"><em>Drikkevarer afregnes efter forbrug.<\/em><\/p><\/div>\n\t\t\t\t\t\t\t\t\t<div class=\"elementor-tab-title elementor-tab-mobile-title\" aria-selected=\"false\" data-tab=\"5\" role=\"tab\" tabindex=\"-1\" aria-controls=\"elementor-tab-content-1055\" aria-expanded=\"false\">1 1\/2 Kursus d\u00f8gn<\/div>\n\t\t\t\t\t<div id=\"elementor-tab-content-1055\" class=\"elementor-tab-content elementor-clearfix\" data-tab=\"5\" role=\"tabpanel\" aria-labelledby=\"elementor-tab-title-1055\" tabindex=\"0\" hidden=\"hidden\"><p style=\"text-align: center;\"><span class=\"sp-text\">Morgen\/formiddagsbuffet:<\/span><\/p>\n<p style=\"text-align: center;\">Kaffe\/the med rundstykker, p\u00e5l\u00e6g, ost, marmelade og frugt.<\/p>\n<p style=\"text-align: center;\"><span class=\"sp-text\">Frokost:<\/span><\/p>\n<p style=\"text-align: center;\"><span class=\"sp-text\">&nbsp;Eftermiddagsbuffet:<\/span><\/p>\n<p style=\"text-align: center;\">Kaffe\/the, kage og frugt.<\/p>\n<p style=\"text-align: center;\"><span class=\"sp-text\">Middag:<\/span><\/p>\n<p style=\"text-align: center;\">2 retter.<\/p>\n<p style=\"text-align: center;\">&nbsp;Aftenkaffe med s\u00f8dt.<\/p>\n<p style=\"text-align: center;\"><span class=\"sp-text\">Overnatning.<\/span><\/p>\n<p style=\"text-align: center;\"><span class=\"sp-text\">Morgenbuffet.<\/span><\/p>\n<p style=\"text-align: center;\"><span class=\"sp-text\">Formiddagsbuffet:<\/span><\/p>\n<p style=\"text-align: center;\">Kaffe\/the, frugt og s\u00f8dt.<\/p>\n<p style=\"text-align: center;\"><span class=\"sp-text\">Frokost:<\/span><\/p>\n<p style=\"text-align: center;\"><span class=\"sp-text\">Eftermiddagsbuffet:<\/span><\/p>\n<p style=\"text-align: center;\">Kaffe\/the, kage og frugt.<\/p>\n<p style=\"text-align: center;\"><span class=\"sp-text\">Pris:<\/span><\/p>\n<p style=\"text-align: center;\"><strong>Kr. 1745,00 pr. person i enkeltv\u00e6relse.<\/strong>&nbsp;<\/p>\n<p style=\"text-align: center;\"><em>Prisen er inkl. brug af AV-udstyr, internet og lokaleleje. <\/em><\/p>\n<p style=\"text-align: center;\"><em>Drikkevarer afregnes efter forbrug.<\/em><\/p><\/div>\n\t\t\t\t\t\t\t\t\t<div class=\"elementor-tab-title elementor-tab-mobile-title\" aria-selected=\"false\" data-tab=\"6\" role=\"tab\" tabindex=\"-1\" aria-controls=\"elementor-tab-content-1056\" aria-expanded=\"false\">Kursus i luksus poolhus 1 d\u00f8gn<\/div>\n\t\t\t\t\t<div id=\"elementor-tab-content-1056\" class=\"elementor-tab-content elementor-clearfix\" data-tab=\"6\" role=\"tabpanel\" aria-labelledby=\"elementor-tab-title-1056\" tabindex=\"0\" hidden=\"hidden\"><p style=\"text-align: center;\"><span style=\"font-family: baskervville; font-size: 22px;\">Morgen\/formiddagsbuffet:<\/span><\/p>\n<p style=\"text-align: center;\">Kaffe\/the med rundstykker, p\u00e5l\u00e6g, ost, marmelade og frugt i <span style=\"font-family: var( --e-global-typography-text-font-family ), Sans-serif; font-weight: var( --e-global-typography-text-font-weight ); font-size: 1rem;\">ferielejligheden.<\/span><\/p>\n<p style=\"text-align: center;\">Eller morgenbuffet i restauranten.<\/p>\n<p style=\"text-align: center;\"><span style=\"font-family: baskervville; font-size: 22px;\">Frokost:<\/span><\/p>\n<p style=\"text-align: center;\">L\u00e6kker frokost fra k\u00f8kkenet serveret i f\u00e6llesrummet i&nbsp;<span style=\"font-family: var( --e-global-typography-text-font-family ), Sans-serif; font-weight: var( --e-global-typography-text-font-weight ); font-size: 1rem;\">ferielejligheden.<\/span><\/p>\n<p style=\"text-align: center;\"><span style=\"font-family: baskervville;\"><span style=\"font-size: 22px;\">Eftermiddagsbuffet:<\/span><\/span><\/p>\n<p style=\"text-align: center;\">Kaffe\/the med hjemmebagt kage og frugtfad serveret i f\u00e6llesrummet i&nbsp;<span style=\"font-family: var( --e-global-typography-text-font-family ), Sans-serif; font-weight: var( --e-global-typography-text-font-weight ); font-size: 1rem;\">ferielejligheden.<\/span><\/p>\n<p style=\"text-align: center;\"><span style=\"font-family: baskervville;\"><span style=\"font-size: 22px;\">Middag:<\/span><\/span><\/p>\n<p style=\"text-align: center;\">3 retter af s\u00e6sonens friske r\u00e5varer serveret i f\u00e6llesrummet i ferielejligheden.<\/p>\n<p style=\"text-align: center;\">Aftenkaffe med s\u00f8dt.<\/p>\n<p style=\"text-align: center;\">Overnatning i lejligheden.<\/p>\n<p style=\"text-align: center;\"><span style=\"font-family: baskervville; font-size: 22px;\">Morgenbuffet:<\/span><\/p>\n<p style=\"text-align: center;\">Morgenbuffet i restauranten.<\/p>\n<p style=\"text-align: center;\"><span style=\"font-family: baskervville;\"><span style=\"font-size: 22px;\">Pris:<\/span><\/span><\/p>\n<p style=\"text-align: center;\"><strong style=\"font-family: var( --e-global-typography-text-font-family ), Sans-serif; font-size: 1rem;\">Kr. 1995,00 pr. person i enkeltv\u00e6relse.<\/strong><span style=\"font-family: var( --e-global-typography-text-font-family ), Sans-serif; font-weight: var( --e-global-typography-text-font-weight ); font-size: 1rem;\">&nbsp;<\/span><\/p>\n<p style=\"text-align: center;\"><span style=\"font-weight: bolder; font-family: var( --e-global-typography-text-font-family ), Sans-serif; font-size: 1rem;\">Kr. 1795,00 pr. person i delt dobbeltv\u00e6relse.<\/span><\/p>\n<p style=\"text-align: center;\"><i>&nbsp;10-30 personer.<\/i><\/p>\n<p style=\"text-align: center;\"><em>Overnatning vil v\u00e6re fordelt i\/p\u00e5 pool<\/em><em> lejligheden, hotelv\u00e6relse eller lejlighed.<\/em>&nbsp;<\/p>\n<p style=\"text-align: center;\"><em>Drikkevarer afregnes efter forbrug.<\/em><\/p>\n<p style=\"text-align: center;\"><i>1 d\u00f8gn start kl. 09:00 &#8211; slut kl. 10:00.<\/i><\/p>\n<p style=\"text-align: center;\">\n<\/p><\/div>\n\t\t\t\t\t\t\t\t\t<div class=\"elementor-tab-title elementor-tab-mobile-title\" aria-selected=\"false\" data-tab=\"7\" role=\"tab\" tabindex=\"-1\" aria-controls=\"elementor-tab-content-1057\" aria-expanded=\"false\">Kursus i luksus poolhus 1 1\/2 d\u00f8gn<\/div>\n\t\t\t\t\t<div id=\"elementor-tab-content-1057\" class=\"elementor-tab-content elementor-clearfix\" data-tab=\"7\" role=\"tabpanel\" aria-labelledby=\"elementor-tab-title-1057\" tabindex=\"0\" hidden=\"hidden\"><p style=\"text-align: center;\"><span style=\"font-family: baskervville; font-size: 22px;\">Morgen\/formiddagsbuffet:<\/span><\/p>\n<p style=\"text-align: center;\">Kaffe\/the med rundstykker, p\u00e5l\u00e6g, ost, marmelade og frugt i ferielejligheden.<\/p>\n<p style=\"text-align: center;\">Eller morgenbuffet i restauranten.<\/p>\n<p style=\"text-align: center;\"><span style=\"font-family: baskervville; font-size: 22px;\">Frokost:<\/span><\/p>\n<p style=\"text-align: center;\">L\u00e6kker frokost fra k\u00f8kkenet serveret i f\u00e6llesrummet i&nbsp;ferielejligheden.<\/p>\n<p style=\"text-align: center;\"><span style=\"font-family: baskervville;\"><span style=\"font-size: 22px;\">Eftermiddagsbuffet:<\/span><\/span><\/p>\n<p style=\"text-align: center;\">Kaffe\/the med hjemmebagt kage og frugtfad serveret i f\u00e6llesrummet i&nbsp;ferielejligheden.<\/p>\n<p style=\"text-align: center;\"><span style=\"font-family: baskervville;\"><span style=\"font-size: 22px;\">Middag:<\/span><\/span><\/p>\n<p style=\"text-align: center;\">3 retter af s\u00e6sonens friske r\u00e5varer serveret i f\u00e6llesrummet i ferielejligheden.<\/p>\n<p style=\"text-align: center;\">Aftenkaffe med s\u00f8dt.<\/p>\n<p style=\"text-align: center;\">Overnatning i lejligheden.<\/p>\n<p style=\"text-align: center;\"><span style=\"font-family: baskervville;\"><span style=\"font-size: 22px;\">Morgenbuffet:<\/span><\/span><\/p>\n<p style=\"text-align: center;\">Morgenbuffet i restauranten.<\/p>\n<p style=\"text-align: center;\"><span style=\"font-family: baskervville; font-size: 22px;\">Formiddagsbuffet:<\/span><\/p>\n<p style=\"text-align: center;\">Kaffe\/the&nbsp; serveres med wienerbr\u00f8d og frisk frugt serveret i f\u00e6llesrummet i ferielejligheden.<span style=\"font-family: baskervville; font-size: 22px;\"><br><\/span><\/p>\n<p style=\"text-align: center;\"><span style=\"font-family: baskervville; font-size: 22px;\">Frokost:<\/span><\/p>\n<p style=\"text-align: center;\">L\u00e6kker frokost fra k\u00f8kkenet serveret i f\u00e6llesrummet i&nbsp;ferielejligheden.<span style=\"font-family: baskervville; font-size: 22px;\"><br><\/span><\/p>\n<p style=\"text-align: center;\"><span style=\"font-family: baskervville; font-size: 22px;\">Eftermiddagskaffe:<\/span><\/p>\n<p style=\"text-align: center;\">Kaffe\/the med hjemmebagt kage og frugtfad serveret i f\u00e6llesrummet i&nbsp;ferielejligheden.<span style=\"font-family: baskervville; font-size: 22px;\"><br><\/span><\/p>\n<p style=\"text-align: center;\"><span style=\"font-family: baskervville; font-size: 22px;\">Pris:<\/span><\/p>\n<p style=\"text-align: center;\"><strong>Kr. 2795,00 pr. person i enkeltv\u00e6relse.<\/strong>&nbsp;<\/p>\n<p style=\"text-align: center;\"><span style=\"font-weight: bolder;\">Kr. 2595,00 pr. person i delt dobbeltv\u00e6relse.<\/span>&nbsp;<\/p>\n<p style=\"text-align: center;\"><i>10-30 personer.&nbsp;<\/i><\/p>\n<p style=\"text-align: center;\"><em>Overnatning vil v\u00e6re fordelt i\/p\u00e5 pool lejligheden, hotelv\u00e6relse eller lejlighed.<\/em><\/p>\n<p style=\"text-align: center;\"><em>Drikkevarer afregnes efter forbrug.<\/em><\/p>\n<p style=\"text-align: center;\"><i>1 \u00bd d\u00f8gn start kl. 09:00 &#8211; slut kl. 16:00.<\/i><\/p><\/div>\n\t\t\t\t\t\t\t<\/div>\n\t\t<\/div>\n\t\t\t\t<\/div>\n\t\t\t\t<\/div>\n\t\t\t\t<div class=\"elementor-element elementor-element-c60d7cf elementor-widget elementor-widget-text-editor\" data-id=\"c60d7cf\" data-element_type=\"widget\" data-widget_type=\"text-editor.default\">\n\t\t\t\t<div class=\"elementor-widget-container\">\n\t\t\t\t\t\t\t<p>Venligst genneml\u00e6s de\u00a0<a href=\"\/en\/afbestillingsbetingelser\/\">generelle betingelser.\u00a0<\/a><\/p>\t\t\t\t\t\t<\/div>\n\t\t\t\t<\/div>\n\t\t\t\t\t<\/div>\n\t\t<\/div>\n\t\t\t\t\t<\/div>\n\t\t<\/section>\n\t\t\t\t\t<\/div>\n\t\t<\/div>\n\t\t\t\t\t<\/div>\n\t\t<\/section>\n\t\t\t\t<section class=\"elementor-section elementor-top-section elementor-element elementor-element-e089afa elementor-section-boxed elementor-section-height-default elementor-section-height-default\" data-id=\"e089afa\" data-element_type=\"section\" id=\"faciliteter\">\n\t\t\t\t\t\t<div class=\"elementor-container elementor-column-gap-default\">\n\t\t\t\t\t<div class=\"elementor-column elementor-col-33 elementor-top-column elementor-element elementor-element-9a7d0de\" data-id=\"9a7d0de\" data-element_type=\"column\" data-settings=\"{&quot;background_background&quot;:&quot;classic&quot;}\">\n\t\t\t<div class=\"elementor-widget-wrap elementor-element-populated\">\n\t\t\t\t\t\t<div class=\"elementor-element elementor-element-bc3db78 elementor-widget elementor-widget-spacer\" data-id=\"bc3db78\" data-element_type=\"widget\" data-widget_type=\"spacer.default\">\n\t\t\t\t<div class=\"elementor-widget-container\">\n\t\t\t\t\t<div class=\"elementor-spacer\">\n\t\t\t<div class=\"elementor-spacer-inner\"><\/div>\n\t\t<\/div>\n\t\t\t\t<\/div>\n\t\t\t\t<\/div>\n\t\t\t\t\t<\/div>\n\t\t<\/div>\n\t\t\t\t<div class=\"elementor-column elementor-col-66 elementor-top-column elementor-element elementor-element-b55eaf2\" data-id=\"b55eaf2\" data-element_type=\"column\" data-settings=\"{&quot;background_background&quot;:&quot;classic&quot;}\">\n\t\t\t<div class=\"elementor-widget-wrap elementor-element-populated\">\n\t\t\t\t\t\t<div class=\"elementor-element elementor-element-6532ead elementor-widget elementor-widget-heading\" data-id=\"6532ead\" data-element_type=\"widget\" data-widget_type=\"heading.default\">\n\t\t\t\t<div class=\"elementor-widget-container\">\n\t\t\t<h2 class=\"elementor-heading-title elementor-size-default\">Udstyr og faciliteter<\/h2>\t\t<\/div>\n\t\t\t\t<\/div>\n\t\t\t\t<div class=\"elementor-element elementor-element-fb37745 elementor-widget elementor-widget-text-editor\" data-id=\"fb37745\" data-element_type=\"widget\" data-widget_type=\"text-editor.default\">\n\t\t\t\t<div class=\"elementor-widget-container\">\n\t\t\t\t\t\t\t<p>Vores k\u00f8kken s\u00f8rger for en veltilberedt frokost og middag, hvor friske r\u00e5varer er i h\u00f8js\u00e6de. De kan selv v\u00e6re medbestemmende p\u00e5 menuen mod evt. pristill\u00e6g.<\/p><p>S\u00e5fremt De har deltagere som har specielle \u00f8nsker mht. til kost efterkommer vi ogs\u00e5 dette. Overnatningen forg\u00e5r i vores hotelv\u00e6relser eller ferielejligheder som alle har eget bad og toilet, tv og internet adgang.<\/p><p>V\u00e6relser\/lejlighederne er opf\u00f8rt i 2008 og fremst\u00e5r p\u00e6ne og nydelige. \u00d8nsker De efter en lang dag eget lokale til socialt samv\u00e6r kan vi tilbyde Dem vores k\u00e6lderbar.<\/p><p>For at bestille jeres n\u00e6ste m\u00f8de\u00a0<strong>Kontakt Jane p\u00e5 tlf.: 62514600<\/strong><\/p>\t\t\t\t\t\t<\/div>\n\t\t\t\t<\/div>\n\t\t\t\t\t<\/div>\n\t\t<\/div>\n\t\t\t\t\t<\/div>\n\t\t<\/section>\n\t\t\t\t<\/div>","protected":false},"excerpt":{"rendered":"<p>M\u00f8der og konferencer Book jeres n\u00e6ste konference hosHotel Rudk\u00f8bing skudehavn Velkommen til vores konference og m\u00f8de facaliteter p\u00e5 Hotel Rudk\u00f8bing Skudehavn Vi kan tilbyde lyse og venlige lokaler med AV-udstyr og fantastisk beliggenhed med udsigt over Rudk\u00f8bing havn. Vi tilbyder lokaler i forskellige st\u00f8rrelser og kan rumme op til 150 kursister. Kontakt Jane p\u00e5 tlf.: [&hellip;]<\/p>","protected":false},"author":2,"featured_media":0,"parent":0,"menu_order":0,"comment_status":"closed","ping_status":"closed","template":"","meta":{"footnotes":""},"class_list":["post-573","page","type-page","status-publish","hentry"],"yoast_head":"<!-- This site is optimized with the Yoast SEO plugin v22.0 - https:\/\/yoast.com\/wordpress\/plugins\/seo\/ -->\n<title>M\u00f8der &amp; konferencer p\u00e5 Fyn | Rudk\u00f8bing Skudehavn | Kontakt os<\/title>\n<meta name=\"description\" content=\"Afhold m\u00f8der &amp; konferencer hos Rudk\u00f8bing Skudehavn p\u00e5 Fyn. Vores konferencelokaler har udsigt over Rudk\u00f8bing havn og har moderne udstyr\" \/>\n<meta name=\"robots\" content=\"index, follow, max-snippet:-1, max-image-preview:large, max-video-preview:-1\" \/>\n<link rel=\"canonical\" href=\"https:\/\/www.rudkobingskudehavn.dk\/en\/moeder-og-konferencer\/\" \/>\n<meta property=\"og:locale\" content=\"en_GB\" \/>\n<meta property=\"og:type\" content=\"article\" \/>\n<meta property=\"og:title\" content=\"M\u00f8der &amp; konferencer p\u00e5 Fyn | Rudk\u00f8bing Skudehavn | Kontakt os\" \/>\n<meta property=\"og:description\" content=\"Afhold m\u00f8der &amp; konferencer hos Rudk\u00f8bing Skudehavn p\u00e5 Fyn. Vores konferencelokaler har udsigt over Rudk\u00f8bing havn og har moderne udstyr\" \/>\n<meta property=\"og:url\" content=\"https:\/\/www.rudkobingskudehavn.dk\/en\/moeder-og-konferencer\/\" \/>\n<meta property=\"og:site_name\" content=\"Hotel Rudk\u00f8bing Skudehavn\" \/>\n<meta property=\"article:modified_time\" content=\"2026-04-07T14:44:43+00:00\" \/>\n<meta name=\"twitter:card\" content=\"summary_large_image\" \/>\n<meta name=\"twitter:label1\" content=\"Estimated reading time\" \/>\n\t<meta name=\"twitter:data1\" content=\"4 minutes\" \/>\n<script type=\"application\/ld+json\" class=\"yoast-schema-graph\">{\"@context\":\"https:\/\/schema.org\",\"@graph\":[{\"@type\":\"WebPage\",\"@id\":\"https:\/\/www.rudkobingskudehavn.dk\/moeder-og-konferencer\/\",\"url\":\"https:\/\/www.rudkobingskudehavn.dk\/moeder-og-konferencer\/\",\"name\":\"M\u00f8der & konferencer p\u00e5 Fyn | Rudk\u00f8bing Skudehavn | Kontakt os\",\"isPartOf\":{\"@id\":\"https:\/\/www.rudkobingskudehavn.dk\/#website\"},\"datePublished\":\"2022-07-11T10:56:14+00:00\",\"dateModified\":\"2026-04-07T14:44:43+00:00\",\"description\":\"Afhold m\u00f8der & konferencer hos Rudk\u00f8bing Skudehavn p\u00e5 Fyn. Vores konferencelokaler har udsigt over Rudk\u00f8bing havn og har moderne udstyr\",\"breadcrumb\":{\"@id\":\"https:\/\/www.rudkobingskudehavn.dk\/moeder-og-konferencer\/#breadcrumb\"},\"inLanguage\":\"en-GB\",\"potentialAction\":[{\"@type\":\"ReadAction\",\"target\":[\"https:\/\/www.rudkobingskudehavn.dk\/moeder-og-konferencer\/\"]}]},{\"@type\":\"BreadcrumbList\",\"@id\":\"https:\/\/www.rudkobingskudehavn.dk\/moeder-og-konferencer\/#breadcrumb\",\"itemListElement\":[{\"@type\":\"ListItem\",\"position\":1,\"name\":\"Hjem\",\"item\":\"https:\/\/www.rudkobingskudehavn.dk\/\"},{\"@type\":\"ListItem\",\"position\":2,\"name\":\"M\u00f8der og konferencer\"}]},{\"@type\":\"WebSite\",\"@id\":\"https:\/\/www.rudkobingskudehavn.dk\/#website\",\"url\":\"https:\/\/www.rudkobingskudehavn.dk\/\",\"name\":\"Hotel Rudk\u00f8bing Skudehavn\",\"description\":\"\",\"publisher\":{\"@id\":\"https:\/\/www.rudkobingskudehavn.dk\/#organization\"},\"potentialAction\":[{\"@type\":\"SearchAction\",\"target\":{\"@type\":\"EntryPoint\",\"urlTemplate\":\"https:\/\/www.rudkobingskudehavn.dk\/?s={search_term_string}\"},\"query-input\":\"required name=search_term_string\"}],\"inLanguage\":\"en-GB\"},{\"@type\":\"Organization\",\"@id\":\"https:\/\/www.rudkobingskudehavn.dk\/#organization\",\"name\":\"Rudk\u00f8bing Skudehavn\",\"url\":\"https:\/\/www.rudkobingskudehavn.dk\/\",\"logo\":{\"@type\":\"ImageObject\",\"inLanguage\":\"en-GB\",\"@id\":\"https:\/\/www.rudkobingskudehavn.dk\/#\/schema\/logo\/image\/\",\"url\":\"https:\/\/www.rudkobingskudehavn.dk\/wp-content\/uploads\/2020\/11\/Rudkoebing_Skudehavn_logo_udentekst.svg\",\"contentUrl\":\"https:\/\/www.rudkobingskudehavn.dk\/wp-content\/uploads\/2020\/11\/Rudkoebing_Skudehavn_logo_udentekst.svg\",\"width\":514,\"height\":186,\"caption\":\"Rudk\u00f8bing Skudehavn\"},\"image\":{\"@id\":\"https:\/\/www.rudkobingskudehavn.dk\/#\/schema\/logo\/image\/\"}}]}<\/script>\n<!-- \/ Yoast SEO plugin. -->","yoast_head_json":{"title":"M\u00f8der & konferencer p\u00e5 Fyn | Rudk\u00f8bing Skudehavn | Kontakt os","description":"Afhold m\u00f8der & konferencer hos Rudk\u00f8bing Skudehavn p\u00e5 Fyn. Vores konferencelokaler har udsigt over Rudk\u00f8bing havn og har moderne udstyr","robots":{"index":"index","follow":"follow","max-snippet":"max-snippet:-1","max-image-preview":"max-image-preview:large","max-video-preview":"max-video-preview:-1"},"canonical":"https:\/\/www.rudkobingskudehavn.dk\/en\/moeder-og-konferencer\/","og_locale":"en_GB","og_type":"article","og_title":"M\u00f8der & konferencer p\u00e5 Fyn | Rudk\u00f8bing Skudehavn | Kontakt os","og_description":"Afhold m\u00f8der & konferencer hos Rudk\u00f8bing Skudehavn p\u00e5 Fyn. Vores konferencelokaler har udsigt over Rudk\u00f8bing havn og har moderne udstyr","og_url":"https:\/\/www.rudkobingskudehavn.dk\/en\/moeder-og-konferencer\/","og_site_name":"Hotel Rudk\u00f8bing Skudehavn","article_modified_time":"2026-04-07T14:44:43+00:00","twitter_card":"summary_large_image","twitter_misc":{"Estimated reading time":"4 minutes"},"schema":{"@context":"https:\/\/schema.org","@graph":[{"@type":"WebPage","@id":"https:\/\/www.rudkobingskudehavn.dk\/moeder-og-konferencer\/","url":"https:\/\/www.rudkobingskudehavn.dk\/moeder-og-konferencer\/","name":"M\u00f8der & konferencer p\u00e5 Fyn | Rudk\u00f8bing Skudehavn | Kontakt os","isPartOf":{"@id":"https:\/\/www.rudkobingskudehavn.dk\/#website"},"datePublished":"2022-07-11T10:56:14+00:00","dateModified":"2026-04-07T14:44:43+00:00","description":"Afhold m\u00f8der & konferencer hos Rudk\u00f8bing Skudehavn p\u00e5 Fyn. Vores konferencelokaler har udsigt over Rudk\u00f8bing havn og har moderne udstyr","breadcrumb":{"@id":"https:\/\/www.rudkobingskudehavn.dk\/moeder-og-konferencer\/#breadcrumb"},"inLanguage":"en-GB","potentialAction":[{"@type":"ReadAction","target":["https:\/\/www.rudkobingskudehavn.dk\/moeder-og-konferencer\/"]}]},{"@type":"BreadcrumbList","@id":"https:\/\/www.rudkobingskudehavn.dk\/moeder-og-konferencer\/#breadcrumb","itemListElement":[{"@type":"ListItem","position":1,"name":"Hjem","item":"https:\/\/www.rudkobingskudehavn.dk\/"},{"@type":"ListItem","position":2,"name":"M\u00f8der og konferencer"}]},{"@type":"WebSite","@id":"https:\/\/www.rudkobingskudehavn.dk\/#website","url":"https:\/\/www.rudkobingskudehavn.dk\/","name":"Hotel Rudk\u00f8bing Skudehavn","description":"","publisher":{"@id":"https:\/\/www.rudkobingskudehavn.dk\/#organization"},"potentialAction":[{"@type":"SearchAction","target":{"@type":"EntryPoint","urlTemplate":"https:\/\/www.rudkobingskudehavn.dk\/?s={search_term_string}"},"query-input":"required name=search_term_string"}],"inLanguage":"en-GB"},{"@type":"Organization","@id":"https:\/\/www.rudkobingskudehavn.dk\/#organization","name":"Rudk\u00f8bing Skudehavn","url":"https:\/\/www.rudkobingskudehavn.dk\/","logo":{"@type":"ImageObject","inLanguage":"en-GB","@id":"https:\/\/www.rudkobingskudehavn.dk\/#\/schema\/logo\/image\/","url":"https:\/\/www.rudkobingskudehavn.dk\/wp-content\/uploads\/2020\/11\/Rudkoebing_Skudehavn_logo_udentekst.svg","contentUrl":"https:\/\/www.rudkobingskudehavn.dk\/wp-content\/uploads\/2020\/11\/Rudkoebing_Skudehavn_logo_udentekst.svg","width":514,"height":186,"caption":"Rudk\u00f8bing Skudehavn"},"image":{"@id":"https:\/\/www.rudkobingskudehavn.dk\/#\/schema\/logo\/image\/"}}]}},"_links":{"self":[{"href":"https:\/\/www.rudkobingskudehavn.dk\/en\/wp-json\/wp\/v2\/pages\/573"}],"collection":[{"href":"https:\/\/www.rudkobingskudehavn.dk\/en\/wp-json\/wp\/v2\/pages"}],"about":[{"href":"https:\/\/www.rudkobingskudehavn.dk\/en\/wp-json\/wp\/v2\/types\/page"}],"author":[{"embeddable":true,"href":"https:\/\/www.rudkobingskudehavn.dk\/en\/wp-json\/wp\/v2\/users\/2"}],"replies":[{"embeddable":true,"href":"https:\/\/www.rudkobingskudehavn.dk\/en\/wp-json\/wp\/v2\/comments?post=573"}],"version-history":[{"count":284,"href":"https:\/\/www.rudkobingskudehavn.dk\/en\/wp-json\/wp\/v2\/pages\/573\/revisions"}],"predecessor-version":[{"id":7196,"href":"https:\/\/www.rudkobingskudehavn.dk\/en\/wp-json\/wp\/v2\/pages\/573\/revisions\/7196"}],"wp:attachment":[{"href":"https:\/\/www.rudkobingskudehavn.dk\/en\/wp-json\/wp\/v2\/media?parent=573"}],"curies":[{"name":"wp","href":"https:\/\/api.w.org\/{rel}","templated":true}]}}